{"id":1549,"date":"2019-01-20T11:58:21","date_gmt":"2019-01-20T19:58:21","guid":{"rendered":"http:\/\/www.bernadettecalonego.com\/de\/?page_id=1549"},"modified":"2021-12-09T18:22:11","modified_gmt":"2021-12-10T02:22:11","slug":"curriculum","status":"publish","type":"page","link":"https:\/\/www.bernadettecalonego.com\/de\/biografie\/curriculum\/","title":{"rendered":"Curriculum"},"content":{"rendered":"\n<p class=\"has-medium-font-size\"><\/p>\n\n\n\n<div class=\"wp-block-media-text alignwide is-stacked-on-mobile\" style=\"grid-template-columns:42% auto\"><figure class=\"wp-block-media-text__media\"><img loading=\"lazy\" decoding=\"async\" width=\"687\" height=\"1024\" src=\"https:\/\/www.bernadettecalonego.com\/de\/wp-content\/uploads\/2009-Copy-687x1024.jpg\" alt=\"\" class=\"wp-image-1558 size-full\" srcset=\"https:\/\/www.bernadettecalonego.com\/de\/wp-content\/uploads\/2009-Copy-687x1024.jpg 687w, https:\/\/www.bernadettecalonego.com\/de\/wp-content\/uploads\/2009-Copy-201x300.jpg 201w, https:\/\/www.bernadettecalonego.com\/de\/wp-content\/uploads\/2009-Copy-768x1144.jpg 768w, https:\/\/www.bernadettecalonego.com\/de\/wp-content\/uploads\/2009-Copy.jpg 1944w\" sizes=\"auto, (max-width: 687px) 100vw, 687px\" \/><\/figure><div class=\"wp-block-media-text__content\">\n<p class=\"has-very-light-gray-background-color has-background has-medium-font-size\">  <br> <br>Bernadette Calonego wurde in Stans\/Schweiz geboren. Sie lebt und arbeitet seit dem Jahr 2000 als Schriftstellerin und <a href=\"https:\/\/www.bernadettecalonego.com\/de\/biografie\/journalismus\/\">freie Auslandskorrespondentin<\/a> in Vancouver\/Kanada.  <\/p>\n\n\n\n<p class=\"has-medium-font-size\">Ihre Artikel erschienen in der \u201cS\u00fcddeutsche Zeitung\u201d in M\u00fcnchen, dem \u201cStandard&#8221; in Wien, dem \u201cTages-Anzeiger\u201d, der \u201cFinanz und Wirtschaft\u201d in Z\u00fcrich und einer Reihe anderer wichtiger deutschsprachiger Medien.  <\/p>\n\n\n\n<p class=\"has-medium-font-size\">Bernadette Calonego hat auch Geschichten in folgenden Zeitungen und Magazinen ver\u00f6ffentlicht: GEO, Vogue, SZ-Magazin, Neue Z\u00fcrcher Zeitung, natur + kosmos, foto magazin, B\u00f6rse Online, EMMA, abenteuer + reisen, H\u00e4user, Weltwoche, das \u00f6sterreichische Wochenmagazin Profil u.a.<br>F\u00fcr den Schweizer Rundfunk  hat sie mehrfach bei Sendungen mitgewirkt. <\/p>\n\n\n\n<p class=\"has-very-light-gray-background-color has-background has-medium-font-size\"><br>Ihr Werdegang: Studium moderner Sprachen an der Universit\u00e4t Fribourg\/Schweiz. Redakteurin bei Reuters in Z\u00fcrich. Von 1990 bis 2000 Auslandskorrespondentin der \u201cS\u00fcddeutschen Zeitung\u201d und des \u201cStandard\u201d in der Schweiz. Seither freie Auslandskorrespondentin in Kanada.<\/p>\n<\/div><\/div>\n\n\n\n<p><br><\/p>\n\n\n\n<div class=\"wp-block-media-text alignwide has-media-on-the-right is-stacked-on-mobile\"><figure class=\"wp-block-media-text__media\"><img loading=\"lazy\" decoding=\"async\" width=\"971\" height=\"1024\" src=\"https:\/\/www.bernadettecalonego.com\/de\/wp-content\/uploads\/IMG_0754-Copy-971x1024.jpg\" alt=\"\" class=\"wp-image-1570 size-full\" srcset=\"https:\/\/www.bernadettecalonego.com\/de\/wp-content\/uploads\/IMG_0754-Copy-971x1024.jpg 971w, https:\/\/www.bernadettecalonego.com\/de\/wp-content\/uploads\/IMG_0754-Copy-285x300.jpg 285w, https:\/\/www.bernadettecalonego.com\/de\/wp-content\/uploads\/IMG_0754-Copy-768x810.jpg 768w, https:\/\/www.bernadettecalonego.com\/de\/wp-content\/uploads\/IMG_0754-Copy.jpg 1590w\" sizes=\"auto, (max-width: 971px) 100vw, 971px\" \/><\/figure><div class=\"wp-block-media-text__content\">\n<p class=\"has-medium-font-size\"> Oktober 2005: Ver\u00f6ffentlichung des Thrillers <strong>\u201cNutze deine Feinde\u201d <\/strong>im Bloomsbury Berlin Verlag.<\/p>\n\n\n\n<p class=\"has-medium-font-size\"><br>August 2007: Ver\u00f6ffentlichung des Thrillers <strong>\u201cUnter dunklen Wassern\u201d<\/strong> im Bloomsbury Berlin Verlag.  <br>Beide B\u00fccher sind als englische \u00dcbersetzungen erh\u00e4ltlich unter den Titeln <strong>\u201cThe Zurich Conspiracy\u201d<\/strong> und <strong>\u201cUnder Dark Waters\u201d <\/strong>&nbsp;im Verlag AmazonCrossing.  <\/p>\n\n\n\n<p class=\"has-medium-font-size\"><br>November 2011: Ver\u00f6ffentlichung des Buches <strong>\u201cOh, wie sch\u00f6n ist Kanada!\u201d<\/strong> im Ullstein-Verlag, das auf der Sachbuch-Bestsellerliste des <em>Spiegel<\/em> landete.  <\/p>\n\n\n\n<p class=\"has-medium-font-size\"><br>Juli 2015: Ver\u00f6ffentlichung des Spannungsromans <strong>\u201cDie Bucht des Schweigens\u201d <\/strong>im Verlag Amazon Publishing.  <\/p>\n\n\n\n<p class=\"has-medium-font-size\"><br>Mai 2016: Die englische Version von <strong>\u201cDie Bucht des Schweigens\u201d <\/strong>erscheint unter dem Titel <strong>\u201cStormy Cove\u201d<\/strong>. <\/p>\n<\/div><\/div>\n\n\n\n<p class=\"has-medium-font-size\">September 2016: Der Krimi <strong>&#8220;Die Fremde auf dem Eis&#8221; <\/strong>kommt heraus.<\/p>\n\n\n\n<p class=\"has-medium-font-size\">Oktober 2017: Ver\u00f6ffentlichung des Krimis <strong>&#8220;Die letzte Erkenntnis&#8221;<\/strong><\/p>\n\n\n\n<p class=\"has-medium-font-size\">August 2018: Die englische \u00dcbersetzung von &#8220;Die Fremde auf dem Eis&#8221; erscheint unter dem Titel <strong>&#8220;The Stranger on the Ice&#8221;.<\/strong><\/p>\n\n\n\n<p class=\"has-medium-font-size\">2019: <strong>M\u00f6rderischer Morgen<\/strong> (sp\u00e4ter \u00fcbersetzt als <strong>Murderous Morning<\/strong>).<\/p>\n\n\n\n<p class=\"has-medium-font-size\">2020: <strong>Eisiger Kerker<\/strong> (\u00fcbersetzt als <strong>Cries from the Cold<\/strong>).<\/p>\n\n\n\n<p class=\"has-medium-font-size\">2021: <strong>Kalte Klippen<\/strong> (englischer Titel <strong>A Dark Chill<\/strong>) und <strong>Grabesgrauen<\/strong>. Alle drei Titel sind Teil der Reihe &#8220;Calista Gates ermittelt&#8221;.<\/p>\n\n\n\n<p class=\"has-medium-font-size\">Derzeit arbeitet Bernadette Calonego an einem weiteren Krimi.<\/p>\n","protected":false},"excerpt":{"rendered":"<p>Bernadette Calonego wurde in Stans\/Schweiz geboren. Sie lebt und arbeitet seit dem Jahr 2000 als Schriftstellerin und freie Auslandskorrespondentin in Vancouver\/Kanada. Ihre Artikel erschienen in der \u201cS\u00fcddeutsche Zeitung\u201d in M\u00fcnchen, dem \u201cStandard&#8221; in Wien, dem \u201cTages-Anzeiger\u201d, der \u201cFinanz und Wirtschaft\u201d in Z\u00fcrich und einer Reihe anderer wichtiger deutschsprachiger Medien. Bernadette <a class=\"read-more-link\" href=\"https:\/\/www.bernadettecalonego.com\/de\/biografie\/curriculum\/\">   Lesen Sie weiter<\/a><\/p>\n","protected":false},"author":1,"featured_media":0,"parent":18,"menu_order":0,"comment_status":"closed","ping_status":"closed","template":"","meta":{"ngg_post_thumbnail":0,"footnotes":""},"class_list":["post-1549","page","type-page","status-publish","hentry"],"jetpack_sharing_enabled":true,"_links":{"self":[{"href":"https:\/\/www.bernadettecalonego.com\/de\/wp-json\/wp\/v2\/pages\/1549","targetHints":{"allow":["GET"]}}],"collection":[{"href":"https:\/\/www.bernadettecalonego.com\/de\/wp-json\/wp\/v2\/pages"}],"about":[{"href":"https:\/\/www.bernadettecalonego.com\/de\/wp-json\/wp\/v2\/types\/page"}],"author":[{"embeddable":true,"href":"https:\/\/www.bernadettecalonego.com\/de\/wp-json\/wp\/v2\/users\/1"}],"replies":[{"embeddable":true,"href":"https:\/\/www.bernadettecalonego.com\/de\/wp-json\/wp\/v2\/comments?post=1549"}],"version-history":[{"count":4,"href":"https:\/\/www.bernadettecalonego.com\/de\/wp-json\/wp\/v2\/pages\/1549\/revisions"}],"predecessor-version":[{"id":2875,"href":"https:\/\/www.bernadettecalonego.com\/de\/wp-json\/wp\/v2\/pages\/1549\/revisions\/2875"}],"up":[{"embeddable":true,"href":"https:\/\/www.bernadettecalonego.com\/de\/wp-json\/wp\/v2\/pages\/18"}],"wp:attachment":[{"href":"https:\/\/www.bernadettecalonego.com\/de\/wp-json\/wp\/v2\/media?parent=1549"}],"curies":[{"name":"wp","href":"https:\/\/api.w.org\/{rel}","templated":true}]}}